{"id":3693,"date":"2022-03-29T14:59:41","date_gmt":"2022-03-29T14:59:41","guid":{"rendered":"https:\/\/devel.concertationspe.qc.ca\/?page_id=3693"},"modified":"2026-01-07T20:42:06","modified_gmt":"2026-01-07T20:42:06","slug":"nos-membres","status":"publish","type":"page","link":"https:\/\/concertationspe.qc.ca\/en\/nos-membres\/","title":{"rendered":"Our members"},"content":{"rendered":"<div data-elementor-type=\"wp-page\" data-elementor-id=\"3693\" class=\"elementor elementor-3693\" data-elementor-post-type=\"page\">\n\t\t\t\t\t\t<section class=\"elementor-section elementor-top-section elementor-element elementor-element-2514b0b9 elementor-section-boxed elementor-section-height-default elementor-section-height-default\" data-id=\"2514b0b9\" data-element_type=\"section\" data-e-type=\"section\" data-settings=\"{&quot;background_background&quot;:&quot;classic&quot;}\">\n\t\t\t\t\t\t\t<div class=\"elementor-background-overlay\"><\/div>\n\t\t\t\t\t\t\t<div class=\"elementor-container elementor-column-gap-default\">\n\t\t\t\t\t<div class=\"elementor-column elementor-col-100 elementor-top-column elementor-element elementor-element-227fe1f\" data-id=\"227fe1f\" data-element_type=\"column\" data-e-type=\"column\">\n\t\t\t<div class=\"elementor-widget-wrap elementor-element-populated\">\n\t\t\t\t\t\t<div class=\"elementor-element elementor-element-5f3bdbe2 elementor-widget elementor-widget-heading\" data-id=\"5f3bdbe2\" data-element_type=\"widget\" data-e-type=\"widget\" data-widget_type=\"heading.default\">\n\t\t\t\t<div class=\"elementor-widget-container\">\n\t\t\t\t\t<h4 class=\"elementor-heading-title elementor-size-default\">Our members<\/h4>\t\t\t\t<\/div>\n\t\t\t\t<\/div>\n\t\t\t\t<div class=\"elementor-element elementor-element-14ae3c52 elementor-widget elementor-widget-text-editor\" data-id=\"14ae3c52\" data-element_type=\"widget\" data-e-type=\"widget\" data-widget_type=\"text-editor.default\">\n\t\t\t\t<div class=\"elementor-widget-container\">\n\t\t\t\t\t\t\t\t\t<p><span style=\"font-weight: 400;\">Concertation Ville-\u00c9mard\/C\u00f4te-St-Paul wants all citizens and all organizations located in the neighborhood to be able to sit around the table and take part in its activities.<\/span><\/p>\t\t\t\t\t\t\t\t<\/div>\n\t\t\t\t<\/div>\n\t\t\t\t\t<\/div>\n\t\t<\/div>\n\t\t\t\t\t<\/div>\n\t\t<\/section>\n\t\t\t\t<section class=\"elementor-section elementor-top-section elementor-element elementor-element-3fae8728 elementor-section-boxed elementor-section-height-default elementor-section-height-default\" data-id=\"3fae8728\" data-element_type=\"section\" data-e-type=\"section\" id=\"next\" data-settings=\"{&quot;background_background&quot;:&quot;classic&quot;}\">\n\t\t\t\t\t\t<div class=\"elementor-container elementor-column-gap-no\">\n\t\t\t\t\t<div class=\"elementor-column elementor-col-100 elementor-top-column elementor-element elementor-element-7c0e759c\" data-id=\"7c0e759c\" data-element_type=\"column\" data-e-type=\"column\">\n\t\t\t<div class=\"elementor-widget-wrap elementor-element-populated\">\n\t\t\t\t\t\t<section class=\"elementor-section elementor-inner-section elementor-element elementor-element-2c22a1ed elementor-section-full_width elementor-section-height-default elementor-section-height-default\" data-id=\"2c22a1ed\" data-element_type=\"section\" data-e-type=\"section\">\n\t\t\t\t\t\t<div class=\"elementor-container elementor-column-gap-no\">\n\t\t\t\t\t<div class=\"elementor-column elementor-col-50 elementor-inner-column elementor-element elementor-element-88bdaf5\" data-id=\"88bdaf5\" data-element_type=\"column\" data-e-type=\"column\">\n\t\t\t<div class=\"elementor-widget-wrap elementor-element-populated\">\n\t\t\t\t\t\t<div class=\"elementor-element elementor-element-633e76f elementor-drop-cap-yes elementor-drop-cap-view-default elementor-widget elementor-widget-text-editor\" data-id=\"633e76f\" data-element_type=\"widget\" data-e-type=\"widget\" data-settings=\"{&quot;drop_cap&quot;:&quot;yes&quot;}\" data-widget_type=\"text-editor.default\">\n\t\t\t\t<div class=\"elementor-widget-container\">\n\t\t\t\t\t\t\t\t\t<h2 class=\"elementor-heading-title elementor-size-default elementor-inline-editing pen\" contenteditable=\"true\" data-elementor-setting-key=\"title\" data-pen-placeholder=\"Saisir ici...\"><strong><span style=\"color: #ff9900;\">Les membres r\u00e9guliers<\/span><\/strong><\/h2><div><strong><span style=\"color: #ff9900;\"><br><\/span><\/strong><\/div>\n<ul>\n<li style=\"font-weight: 400;\" aria-level=\"1\"><span style=\"font-weight: 400;\">Be regularly informed about Concertation activities;<\/span><\/li>\n<li style=\"font-weight: 400;\" aria-level=\"1\"><span style=\"font-weight: 400;\">To be heard and to be able to vote in all the Concertation bodies on the basis of one vote per organization;<\/span><\/li>\n<li style=\"font-weight: 400;\" aria-level=\"1\"><span style=\"font-weight: 400;\">Be elected to the Concertation Board of Directors.<\/span><\/li>\n<\/ul>\t\t\t\t\t\t\t\t<\/div>\n\t\t\t\t<\/div>\n\t\t\t\t\t<\/div>\n\t\t<\/div>\n\t\t\t\t<div class=\"elementor-column elementor-col-50 elementor-inner-column elementor-element elementor-element-cb3b5db\" data-id=\"cb3b5db\" data-element_type=\"column\" data-e-type=\"column\">\n\t\t\t<div class=\"elementor-widget-wrap elementor-element-populated\">\n\t\t\t\t\t\t<div class=\"elementor-element elementor-element-805ceb9 elementor-widget elementor-widget-heading\" data-id=\"805ceb9\" data-element_type=\"widget\" data-e-type=\"widget\" data-widget_type=\"heading.default\">\n\t\t\t\t<div class=\"elementor-widget-container\">\n\t\t\t\t\t<h2 class=\"elementor-heading-title elementor-size-default\">Supporting members<\/h2>\t\t\t\t<\/div>\n\t\t\t\t<\/div>\n\t\t\t\t<div class=\"elementor-element elementor-element-36bda2f elementor-widget elementor-widget-text-editor\" data-id=\"36bda2f\" data-element_type=\"widget\" data-e-type=\"widget\" data-widget_type=\"text-editor.default\">\n\t\t\t\t<div class=\"elementor-widget-container\">\n\t\t\t\t\t\t\t\t\t<ul><li style=\"font-weight: 400;\" aria-level=\"1\"><span style=\"font-weight: 400;\">Be regularly informed about Concertation activities;<\/span><\/li><li style=\"font-weight: 400;\" aria-level=\"1\"><span style=\"font-weight: 400;\">Participate and be heard at meetings of members, without the right to vote;<\/span><\/li><li style=\"font-weight: 400;\" aria-level=\"1\"><span style=\"font-weight: 400;\">Participate, be heard and decide in the Consultation Committees in which they participate, with one vote per organization.<\/span><\/li><\/ul>\t\t\t\t\t\t\t\t<\/div>\n\t\t\t\t<\/div>\n\t\t\t\t\t<\/div>\n\t\t<\/div>\n\t\t\t\t\t<\/div>\n\t\t<\/section>\n\t\t\t\t\t<\/div>\n\t\t<\/div>\n\t\t\t\t\t<\/div>\n\t\t<\/section>\n\t\t\t\t<section class=\"elementor-section elementor-top-section elementor-element elementor-element-15c31ce2 elementor-section-boxed elementor-section-height-default elementor-section-height-default\" data-id=\"15c31ce2\" data-element_type=\"section\" data-e-type=\"section\" data-settings=\"{&quot;background_background&quot;:&quot;classic&quot;}\">\n\t\t\t\t\t\t<div class=\"elementor-container elementor-column-gap-no\">\n\t\t\t\t\t<div class=\"elementor-column elementor-col-100 elementor-top-column elementor-element elementor-element-cf75d05\" data-id=\"cf75d05\" data-element_type=\"column\" data-e-type=\"column\">\n\t\t\t<div class=\"elementor-widget-wrap elementor-element-populated\">\n\t\t\t\t\t\t<div class=\"elementor-element elementor-element-61a99ad2 elementor-widget elementor-widget-heading\" data-id=\"61a99ad2\" data-element_type=\"widget\" data-e-type=\"widget\" data-widget_type=\"heading.default\">\n\t\t\t\t<div class=\"elementor-widget-container\">\n\t\t\t\t\t<h2 class=\"elementor-heading-title elementor-size-default\">Our active members<\/h2>\t\t\t\t<\/div>\n\t\t\t\t<\/div>\n\t\t\t\t<div class=\"elementor-element elementor-element-add647c elementor-tabs-view-horizontal elementor-widget elementor-widget-tabs\" data-id=\"add647c\" data-element_type=\"widget\" data-e-type=\"widget\" data-widget_type=\"tabs.default\">\n\t\t\t\t<div class=\"elementor-widget-container\">\n\t\t\t\t\t\t\t<div class=\"elementor-tabs\">\n\t\t\t<div class=\"elementor-tabs-wrapper\" role=\"tablist\" >\n\t\t\t\t\t\t\t\t\t<div id=\"elementor-tab-title-1821\" class=\"elementor-tab-title elementor-tab-desktop-title\" aria-selected=\"true\" data-tab=\"1\" role=\"tab\" tabindex=\"0\" aria-controls=\"elementor-tab-content-1821\" aria-expanded=\"false\">Community organizations<\/div>\n\t\t\t\t\t\t\t\t\t<div id=\"elementor-tab-title-1822\" class=\"elementor-tab-title elementor-tab-desktop-title\" aria-selected=\"false\" data-tab=\"2\" role=\"tab\" tabindex=\"-1\" aria-controls=\"elementor-tab-content-1822\" aria-expanded=\"false\">Social economy enterprises<\/div>\n\t\t\t\t\t\t\t\t\t<div id=\"elementor-tab-title-1823\" class=\"elementor-tab-title elementor-tab-desktop-title\" aria-selected=\"false\" data-tab=\"3\" role=\"tab\" tabindex=\"-1\" aria-controls=\"elementor-tab-content-1823\" aria-expanded=\"false\">Institutions<\/div>\n\t\t\t\t\t\t\t<\/div>\n\t\t\t<div class=\"elementor-tabs-content-wrapper\" role=\"tablist\" aria-orientation=\"vertical\">\n\t\t\t\t\t\t\t\t\t<div class=\"elementor-tab-title elementor-tab-mobile-title\" aria-selected=\"true\" data-tab=\"1\" role=\"tab\" tabindex=\"0\" aria-controls=\"elementor-tab-content-1821\" aria-expanded=\"false\">Community organizations<\/div>\n\t\t\t\t\t<div id=\"elementor-tab-content-1821\" class=\"elementor-tab-content elementor-clearfix\" data-tab=\"1\" role=\"tabpanel\" aria-labelledby=\"elementor-tab-title-1821\" tabindex=\"0\" hidden=\"false\"><p><span style=\"color: #000000;\"><a style=\"color: #000000;\" href=\"http:\/\/achim.ca\/\"><span style=\"font-weight: 400;\">Alternatives communautaires d\u2019habitation et d\u2019intervention de milieu, ACHIM<\/span><\/a><\/span><\/p>\n<p>Association des familles Calabraise<\/p>\n<p><span style=\"color: #000000;\"><a style=\"color: #000000;\" href=\"http:\/\/www.larche-montreal.org\/\"><span style=\"font-weight: 400;\">Arche-Montr\u00e9al (L\u2019)<\/span><\/a><\/span><\/p>\n<p>Amis du parc Angrignon (Les)<\/p>\n<p><span style=\"color: #000000;\"><a style=\"color: #000000;\" href=\"http:\/\/www.laubergecommunautaire.org\/\"><span style=\"font-weight: 400;\">Auberge communautaire du Sud-Ouest<\/span><\/a><\/span><\/p>\n<p><span style=\"color: #000000;\"><a style=\"color: #000000;\" href=\"http:\/\/www.reussite-developpement.com\/\"><span style=\"font-weight: 400;\">Centre d\u2019aide \u00e0 la r\u00e9ussite et au d\u00e9veloppement, CARD<\/span><\/a><\/span><\/p>\n<p><span style=\"color: #000000;\"><a style=\"color: #000000;\" href=\"http:\/\/www.centremgrpigeon.com\/\"><span style=\"font-weight: 400;\">Centre de Loisirs Monseigneur Pigeon<\/span><\/a><\/span><\/p>\n<p><span style=\"color: #000000;\"><a style=\"color: #000000;\" href=\"http:\/\/www.centrecsai.org\/\"><span style=\"font-weight: 400;\">Centre Social d\u2019aide aux immigrants, CSAI<\/span><\/a><\/span><\/p>\n<p><span style=\"font-weight: 400;\">Groupe Pro-Vert<\/span><\/p>\n<p><span style=\"color: #000000;\"><a style=\"color: #000000;\" href=\"http:\/\/www.maison-entraide.org\/\"><span style=\"font-weight: 400;\">Maison d\u2019Entraide St-Paul\/\u00c9mard<\/span><\/a><\/span><\/p>\n<p><span style=\"color: #000000;\"><a style=\"color: #000000;\" href=\"http:\/\/www.mdjradoactif.com\/\"><span style=\"font-weight: 400;\">Maison de Jeunes RadoActif<\/span><\/a><\/span><\/p>\n<p>Maison R\u00e9pit Oasis<\/p>\n<p><span style=\"color: #000000;\"><a style=\"color: #000000;\" href=\"http:\/\/popir.org\/\"><span style=\"font-weight: 400;\">P.O.P.I.R. \u2013 Comit\u00e9 Logement<\/span><\/a><\/span><\/p>\n<p><span style=\"color: #000000;\"><a style=\"color: #000000;\" href=\"http:\/\/prevention-sud-ouest.com\/\"><span style=\"font-weight: 400;\">Pr\u00e9vention Sud-Ouest<\/span><\/a><\/span><\/p>\n<p>R\u00e9pit Emergo<\/p>\n<p>ROPASOM<\/p>\n<p><span style=\"color: #000000;\"><a style=\"color: #000000;\" href=\"https:\/\/www.sbaines.org\/\"><span style=\"font-weight: 400;\">Services B\u00e9n\u00e9voles aux A\u00een\u00e9s de Ville-\u00c9mard\/C\u00f4te St-Paul<\/span><\/a><\/span><\/p>\n<p><span style=\"color: #000000;\"><a style=\"color: #000000;\" href=\"http:\/\/www.stationfamilles.org\/\"><span style=\"font-weight: 400;\">Station Familles<\/span><\/a><\/span><\/p>\n<p><span style=\"color: #000000;\"><a style=\"color: #000000;\" href=\"http:\/\/shspe.info\/\"><span style=\"font-weight: 400;\">Soci\u00e9t\u00e9 d\u2019Histoire St-Paul\/\u00c9mard<\/span><\/a><\/span><\/p>\n<p><span style=\"color: #000000;\"><a style=\"color: #000000;\" href=\"http:\/\/www.ssvp-mtl.org\/fr\"><span style=\"font-weight: 400;\">Soci\u00e9t\u00e9 de Saint-Vincent de Paul<\/span><\/a><\/span><\/p>\n<p><span style=\"color: #000000;\"><a style=\"color: #000000;\" href=\"http:\/\/www.letrac.org\/\"><span style=\"font-weight: 400;\">Travail de rue et d\u2019action communautaire, TRAC<\/span><\/a><\/span><\/p>\n<p><span style=\"color: #000000;\">GRAME&nbsp;<a style=\"color: #000000;\" href=\"https:\/\/www.ymcaquebec.org\/fr\/Programmes-communautaires\/Initiatives-environnementales\/Eco-quartier-Sud-Ouest\"><span style=\"font-weight: 400;\">&#8211; \u00c9co-quartier Sud-Ouest<\/span><\/a><\/span><\/p><\/div>\n\t\t\t\t\t\t\t\t\t<div class=\"elementor-tab-title elementor-tab-mobile-title\" aria-selected=\"false\" data-tab=\"2\" role=\"tab\" tabindex=\"-1\" aria-controls=\"elementor-tab-content-1822\" aria-expanded=\"false\">Social economy enterprises<\/div>\n\t\t\t\t\t<div id=\"elementor-tab-content-1822\" class=\"elementor-tab-content elementor-clearfix\" data-tab=\"2\" role=\"tabpanel\" aria-labelledby=\"elementor-tab-title-1822\" tabindex=\"0\" hidden=\"hidden\"><p><span style=\"color: #000000;\"><a style=\"color: #000000;\" href=\"http:\/\/consommateur.qc.ca\/acef-som\/\"><span style=\"font-weight: 400;\">Association coop\u00e9rative d\u2019\u00e9conomie familiale, ACEF Sud-Ouest<\/span><\/a><\/span><\/p><p><span style=\"color: #000000;\"><a style=\"color: #000000;\" href=\"http:\/\/casiope.org\/\"><span style=\"font-weight: 400;\">Centre d\u2019aide et de soutien aux intervenants et organismes en petite enfance<\/span><\/a><\/span><\/p><p><span style=\"color: #000000;\"><a style=\"color: #000000;\" href=\"http:\/\/www.cpeenfantssoleil.org\/\"><span style=\"font-weight: 400;\">CPE Enfants Soleil<\/span><\/a><\/span><\/p><p><span style=\"color: #000000;\"><a style=\"color: #000000;\" href=\"https:\/\/www.facebook.com\/CPE-Le-joyeux-carrousel-431669437039478\/\"><span style=\"font-weight: 400;\">CPE le Joyeux Carrousel<\/span><\/a><\/span><\/p><p><span style=\"color: #000000;\"><a style=\"color: #000000;\" href=\"http:\/\/cpepetitslutins.com\/\"><span style=\"font-weight: 400;\">CPE Les Petits Lutins de C\u00f4te St-Paul<\/span><\/a><\/span><\/p><p><span style=\"color: #000000;\"><a style=\"color: #000000;\" href=\"http:\/\/www.paradoxe.ca\/\"><span style=\"font-weight: 400;\">Groupe Paradoxe<\/span><\/a><\/span><\/p><p><span style=\"color: #000000;\"><a style=\"color: #000000;\" href=\"http:\/\/www.batirsonquartier.com\/\"><span style=\"font-weight: 400;\">Le Groupe de ressources techniques B\u00e2tir son quartier<\/span><\/a><\/span><\/p><p><span style=\"color: #000000;\"><a style=\"color: #000000;\" href=\"http:\/\/www.resomtl.com\/fr\/accueil.aspx\"><span style=\"font-weight: 400;\">Regroupement \u00e9conomique et social du Sud-Ouest, R\u00c9SO<\/span><\/a><\/span><\/p><\/div>\n\t\t\t\t\t\t\t\t\t<div class=\"elementor-tab-title elementor-tab-mobile-title\" aria-selected=\"false\" data-tab=\"3\" role=\"tab\" tabindex=\"-1\" aria-controls=\"elementor-tab-content-1823\" aria-expanded=\"false\">Institutions<\/div>\n\t\t\t\t\t<div id=\"elementor-tab-content-1823\" class=\"elementor-tab-content elementor-clearfix\" data-tab=\"3\" role=\"tabpanel\" aria-labelledby=\"elementor-tab-title-1823\" tabindex=\"0\" hidden=\"hidden\"><p><span style=\"color: #000000;\"><a style=\"color: #000000;\" href=\"https:\/\/csdm.ca\/\"><span style=\"font-weight: 400;\">Centre de services scolaire de Montr\u00e9al<\/span><\/a><\/span><\/p><p><span style=\"color: #000000;\"><a style=\"color: #000000;\" href=\"http:\/\/www.sov.qc.ca\/\"><span style=\"font-weight: 400;\">CIUSSS du Centre-Sud-de-l\u2019Ile-de-Montr\u00e9al<\/span><\/a><\/span><\/p><p><span style=\"color: #000000;\"><a style=\"color: #000000;\" href=\"http:\/\/www.omhm.qc.ca\/\"><span style=\"font-weight: 400;\">Office municipal d\u2019habitation de Montr\u00e9al, OMHM<\/span><\/a><\/span><\/p><p><span style=\"color: #000000;\"><a style=\"color: #000000;\" href=\"http:\/\/www.spvm.qc.ca\/fr\/pdq15\/\"><span style=\"font-weight: 400;\">Service de police de la ville de Montr\u00e9al \u2013SPVM<\/span> <span style=\"font-weight: 400;\">Poste de quartier 15<\/span><\/a><\/span><\/p><p><span style=\"color: #000000;\"><a style=\"color: #000000;\" href=\"http:\/\/ville.montreal.qc.ca\/portal\/page?_pageid=7757,84459659&amp;_dad=portal&amp;_schema=PORTAL\"><span style=\"font-weight: 400;\">Ville de Montr\u00e9al \u2013 Arrondissement du Sud-Ouest<\/span><\/a><\/span><\/p><\/div>\n\t\t\t\t\t\t\t<\/div>\n\t\t<\/div>\n\t\t\t\t\t\t<\/div>\n\t\t\t\t<\/div>\n\t\t\t\t\t<\/div>\n\t\t<\/div>\n\t\t\t\t\t<\/div>\n\t\t<\/section>\n\t\t\t\t<\/div>","protected":false},"excerpt":{"rendered":"<p>Nos membres Concertation Ville-\u00c9mard\/C\u00f4te-St-Paul souhaite que tous les citoyen.nes et toutes les organisations implant\u00e9es dans le quartier puissent s\u2019asseoir autour de la table et prendre part \u00e0 ses activit\u00e9s. Les membres r\u00e9guliers \u00catre inform\u00e9s r\u00e9guli\u00e8rement sur les activit\u00e9s de Concertation; \u00catre entendus et pouvoir voter dans toutes les instances de Concertation \u00e0 raison d\u2019un vote [&hellip;]<\/p>\n","protected":false},"author":4,"featured_media":0,"parent":0,"menu_order":0,"comment_status":"closed","ping_status":"closed","template":"elementor_header_footer","meta":{"footnotes":""},"class_list":["post-3693","page","type-page","status-publish","hentry"],"jetpack_sharing_enabled":true,"_links":{"self":[{"href":"https:\/\/concertationspe.qc.ca\/en\/wp-json\/wp\/v2\/pages\/3693","targetHints":{"allow":["GET"]}}],"collection":[{"href":"https:\/\/concertationspe.qc.ca\/en\/wp-json\/wp\/v2\/pages"}],"about":[{"href":"https:\/\/concertationspe.qc.ca\/en\/wp-json\/wp\/v2\/types\/page"}],"author":[{"embeddable":true,"href":"https:\/\/concertationspe.qc.ca\/en\/wp-json\/wp\/v2\/users\/4"}],"replies":[{"embeddable":true,"href":"https:\/\/concertationspe.qc.ca\/en\/wp-json\/wp\/v2\/comments?post=3693"}],"version-history":[{"count":5,"href":"https:\/\/concertationspe.qc.ca\/en\/wp-json\/wp\/v2\/pages\/3693\/revisions"}],"predecessor-version":[{"id":6615,"href":"https:\/\/concertationspe.qc.ca\/en\/wp-json\/wp\/v2\/pages\/3693\/revisions\/6615"}],"wp:attachment":[{"href":"https:\/\/concertationspe.qc.ca\/en\/wp-json\/wp\/v2\/media?parent=3693"}],"curies":[{"name":"wp","href":"https:\/\/api.w.org\/{rel}","templated":true}]}}